{"id":3395,"date":"2024-05-22T12:07:35","date_gmt":"2024-05-22T10:07:35","guid":{"rendered":"https:\/\/staging.steppenwolf-bicycles.com\/declaracion-de-privacidad\/"},"modified":"2026-01-20T04:59:02","modified_gmt":"2026-01-20T03:59:02","slug":"declaracion-de-privacidad","status":"publish","type":"page","link":"https:\/\/www.steppenwolf-bicycles.com\/es\/declaracion-de-privacidad\/","title":{"rendered":"Declaraci\u00f3n de privacidad"},"content":{"rendered":"<div class=\"wpb-content-wrapper\"><p>[vc_row unlock_row=\u00bb\u00bb row_height_percent=\u00bb0&#8243; override_padding=\u00bbyes\u00bb h_padding=\u00bb2&#8243; top_padding=\u00bb2&#8243; bottom_padding=\u00bb2&#8243; overlay_alpha=\u00bb50&#8243; gutter_size=\u00bb3&#8243; column_width_percent=\u00bb100&#8243; shift_y=\u00bb0&#8243; z_index=\u00bb0&#8243; uncode_shortcode_id=\u00bb565054&#8243;][vc_column column_width_percent=\u00bb100&#8243; gutter_size=\u00bb3&#8243; override_padding=\u00bbyes\u00bb column_padding=\u00bb2&#8243; overlay_alpha=\u00bb50&#8243; shift_x=\u00bb0&#8243; shift_y=\u00bb0&#8243; shift_y_down=\u00bb0&#8243; z_index=\u00bb0&#8243; medium_width=\u00bb0&#8243; mobile_width=\u00bb0&#8243; width=\u00bb1\/1&#8243; uncode_shortcode_id=\u00bb968462&#8243;][vc_column_text text_lead=\u00bbsmall\u00bb uncode_shortcode_id=\u00bb115301&#8243;]<\/p>\n<section class=\"elementor-section elementor-top-section elementor-element elementor-element-37dfca86 elementor-section-boxed elementor-section-height-default elementor-section-height-default\" data-id=\"37dfca86\" data-element_type=\"section\">\n<div class=\"elementor-container elementor-column-gap-no\">\n<div class=\"elementor-row\">\n<div class=\"elementor-column elementor-col-50 elementor-top-column elementor-element elementor-element-4d6f6f38\" data-id=\"4d6f6f38\" data-element_type=\"column\">\n<div class=\"elementor-column-wrap elementor-element-populated\">\n<div class=\"elementor-widget-wrap\">\n<div class=\"elementor-element elementor-element-31d96221 elementor-widget elementor-widget-heading\" data-id=\"31d96221\" data-element_type=\"widget\" data-widget_type=\"heading.default\">\n<div class=\"elementor-widget-container\">\n<h2 class=\"elementor-heading-title elementor-size-large\"><\/h2>\n<\/div>\n<\/div>\n<\/div>\n<\/div>\n<\/div>\n<\/div>\n<\/div>\n<\/section>\n<section class=\"elementor-section elementor-top-section elementor-element elementor-element-67c8a71 elementor-section-boxed elementor-section-height-default elementor-section-height-default\" data-id=\"67c8a71\" data-element_type=\"section\">\n<div class=\"elementor-container elementor-column-gap-default\">\n<div class=\"elementor-row\">\n<div class=\"elementor-column elementor-col-100 elementor-top-column elementor-element elementor-element-b4ab0c8\" data-id=\"b4ab0c8\" data-element_type=\"column\">\n<div class=\"elementor-column-wrap elementor-element-populated\">\n<div class=\"elementor-widget-wrap\">\n<div class=\"elementor-element elementor-element-b0bed4c elementor-widget elementor-widget-text-editor\" data-id=\"b0bed4c\" data-element_type=\"widget\" data-widget_type=\"text-editor.default\">\n<div class=\"elementor-widget-container\">\n<div class=\"elementor-text-editor elementor-clearfix\">\n<p><span class=\"font-555555 font-151610\">La protecci\u00f3n de datos tiene una importancia especialmente alta para la direcci\u00f3n de Zweirad Union e-mobility GmbH &amp; Produktion Co KG. El uso de las p\u00e1ginas de Internet de Zweirad Union e-mobility GmbH &amp; Produktion Co KG es b\u00e1sicamente posible sin proporcionar ning\u00fan dato personal. No obstante, si un interesado desea utilizar servicios especiales de nuestra empresa a trav\u00e9s de nuestra p\u00e1gina de Internet, podr\u00eda ser necesario el tratamiento de datos personales. Si el tratamiento de datos personales es necesario y no existe una base legal para dicho tratamiento, generalmente solicitamos el consentimiento del interesado.   <\/span><\/p>\n<p><span class=\"font-555555 font-151610\">El tratamiento de datos personales, por ejemplo, del nombre, la direcci\u00f3n postal, la direcci\u00f3n de correo electr\u00f3nico o el n\u00famero de tel\u00e9fono de un interesado, se realiza siempre de acuerdo con el Reglamento General de Protecci\u00f3n de Datos y en consonancia con las disposiciones de protecci\u00f3n de datos espec\u00edficas de cada pa\u00eds aplicables a Zweirad Union e-mobility GmbH &amp; Produktion Co KG. Mediante esta declaraci\u00f3n de privacidad, nuestra empresa desea informar al p\u00fablico sobre el tipo, el alcance y la finalidad de los datos personales que recopilamos, utilizamos y tratamos. Adem\u00e1s, mediante esta declaraci\u00f3n de privacidad se informa a los interesados sobre los derechos que les asisten.  <\/span><\/p>\n<p><span class=\"font-555555 font-151610\">Zweirad Union e-mobility GmbH &amp; Produktion Co KG, como responsable del tratamiento, ha implementado numerosas medidas t\u00e9cnicas y organizativas para garantizar la protecci\u00f3n m\u00e1s completa posible de los datos personales tratados a trav\u00e9s de esta p\u00e1gina de Internet. No obstante, las transmisiones de datos basadas en Internet pueden presentar, en principio, lagunas de seguridad, por lo que no se puede garantizar una protecci\u00f3n absoluta. Por este motivo, todo interesado es libre de transmitirnos datos personales por v\u00edas alternativas, por ejemplo, por tel\u00e9fono.  <\/span><\/p>\n<\/div>\n<\/div>\n<\/div>\n<\/div>\n<\/div>\n<\/div>\n<\/div>\n<\/div>\n<\/section>\n<section class=\"elementor-section elementor-top-section elementor-element elementor-element-3bf21f7 elementor-section-boxed elementor-section-height-default elementor-section-height-default\" data-id=\"3bf21f7\" data-element_type=\"section\">\n<div class=\"elementor-container elementor-column-gap-default\">\n<div class=\"elementor-row\">\n<div class=\"elementor-column elementor-col-100 elementor-top-column elementor-element elementor-element-6f46082\" data-id=\"6f46082\" data-element_type=\"column\">\n<div class=\"elementor-column-wrap elementor-element-populated\">\n<div class=\"elementor-widget-wrap\">\n<div class=\"elementor-element elementor-element-dd05f51 elementor-widget elementor-widget-heading\" data-id=\"dd05f51\" data-element_type=\"widget\" data-widget_type=\"heading.default\">\n<div class=\"elementor-widget-container\">\n<h3 class=\"elementor-heading-title elementor-size-default\"><span class=\"font-555555 font-151610\">Declaraci\u00f3n de privacidad<\/span><\/h3>\n<\/div>\n<\/div>\n<div class=\"elementor-element elementor-element-c794574 elementor-widget elementor-widget-heading\" data-id=\"c794574\" data-element_type=\"widget\" data-widget_type=\"heading.default\">\n<div class=\"elementor-widget-container\">\n<p><span class=\"font-555555 font-151610\"><strong>1) Informaci\u00f3n sobre la recopilaci\u00f3n de datos personales y datos de contacto del responsable<br \/>\n<\/strong><b>1.1<\/b> Nos complace que visite nuestro sitio web y le agradecemos su inter\u00e9s. A continuaci\u00f3n, le informamos sobre el tratamiento de sus datos personales al utilizar nuestro sitio web. Los datos personales son todos aquellos datos que pueden identificarle personalmente.  <\/span><\/p>\n<\/div>\n<\/div>\n<div class=\"elementor-element elementor-element-49a225f elementor-widget elementor-widget-text-editor\" data-id=\"49a225f\" data-element_type=\"widget\" data-widget_type=\"text-editor.default\">\n<div class=\"elementor-widget-container\">\n<div class=\"elementor-text-editor elementor-clearfix\">\n<p><span class=\"font-555555 font-151610\"><b>1.2<\/b> El responsable del tratamiento de datos en este sitio web a efectos del Reglamento General de Protecci\u00f3n de Datos (RGPD) es Zweirad Union e-mobility GmbH &amp; Produktion Co KG, Kyselh\u00e4user Stra\u00dfe 23, 06526 Sangerhausen, Alemania, Tel.: +49 800 \u2013 80 88 118, E-Mail: info@zweirad-union.com. El responsable del tratamiento de datos personales es la persona f\u00edsica o jur\u00eddica que, por s\u00ed sola o junto con otras, decide los fines y medios del tratamiento de datos personales.<\/span><\/p>\n<p><span class=\"font-555555 font-151610\"><b>1.3<\/b> Por motivos de seguridad y para proteger la transmisi\u00f3n de datos personales y otros contenidos confidenciales (por ejemplo, pedidos o consultas al responsable), este sitio web utiliza un cifrado SSL o TLS. Puede reconocer una conexi\u00f3n cifrada por la cadena de caracteres \u00abhttps:\/\/\u00bb y el s\u00edmbolo del candado en la barra de su navegador.<\/span><\/p>\n<\/div>\n<\/div>\n<\/div>\n<\/div>\n<\/div>\n<\/div>\n<\/div>\n<\/div>\n<\/section>\n<section class=\"elementor-section elementor-top-section elementor-element elementor-element-8919f88 elementor-section-boxed elementor-section-height-default elementor-section-height-default\" data-id=\"8919f88\" data-element_type=\"section\">\n<div class=\"elementor-container elementor-column-gap-default\">\n<div class=\"elementor-row\">\n<div class=\"elementor-column elementor-col-100 elementor-top-column elementor-element elementor-element-ddcc397\" data-id=\"ddcc397\" data-element_type=\"column\">\n<div class=\"elementor-column-wrap elementor-element-populated\">\n<div class=\"elementor-widget-wrap\">\n<div class=\"elementor-element elementor-element-c75f512 elementor-widget elementor-widget-heading\" data-id=\"c75f512\" data-element_type=\"widget\" data-widget_type=\"heading.default\">\n<div class=\"elementor-widget-container\">\n<p><span class=\"font-555555 font-151610\"><strong>2) Recopilaci\u00f3n y almacenamiento de datos personales, as\u00ed como tipo y finalidad de su uso<br \/>\n<\/strong>2.1 Al visitar el sitio web Al acceder a nuestro sitio web http:\/\/deepred.eu, el navegador utilizado en su dispositivo terminal env\u00eda autom\u00e1ticamente informaci\u00f3n al servidor de nuestro sitio web. Esta informaci\u00f3n se almacena temporalmente en un archivo de registro. La siguiente informaci\u00f3n se registra sin su intervenci\u00f3n y se almacena hasta su eliminaci\u00f3n automatizada:\u2022 Direcci\u00f3n IP del ordenador solicitante,\u2022 Fecha y hora del acceso,\u2022 Nombre y URL del archivo recuperado,\u2022 Sitio web desde el que se realiza el acceso (URL de referencia),\u2022 Navegador utilizado y, en su caso, el sistema operativo de su ordenador, as\u00ed como el nombre de su proveedor de acceso.  <\/span><\/p>\n<\/div>\n<\/div>\n<div class=\"elementor-element elementor-element-b72ab75 elementor-widget elementor-widget-text-editor\" data-id=\"b72ab75\" data-element_type=\"widget\" data-widget_type=\"text-editor.default\">\n<div class=\"elementor-widget-container\">\n<div class=\"elementor-text-editor elementor-clearfix\">\n<p><span class=\"font-555555 font-151610\">Los datos mencionados son tratados por nosotros para los siguientes fines:\u2022 Garantizar una conexi\u00f3n fluida con el sitio web,\u2022 Garantizar un uso c\u00f3modo de nuestro sitio web,\u2022 Evaluar la seguridad y la estabilidad del sistema, as\u00ed como\u2022 para otros fines administrativos.<\/span><\/p>\n<p><span class=\"font-555555 font-151610\">La base legal para el tratamiento de datos es el Art. 6, p\u00e1rrafo 1, frase 1, letra f del RGPD. Nuestro inter\u00e9s leg\u00edtimo se deriva de los fines de la recopilaci\u00f3n de datos enumerados anteriormente. En ning\u00fan caso utilizamos los datos recopilados con el fin de extraer conclusiones sobre su persona. Adem\u00e1s, al visitar nuestro sitio web, utilizamos cookies y servicios de an\u00e1lisis. Encontrar\u00e1 m\u00e1s explicaciones al respecto en los apartados 4 y 5 de esta declaraci\u00f3n de privacidad.       <\/span><\/p>\n<p><span class=\"font-555555 font-151610\">2.2 Al suscribirse a nuestro bolet\u00edn informativo Si usted ha dado su consentimiento expreso de acuerdo con el Art. 6, p\u00e1rrafo 1, frase 1, letra a del RGPD, utilizaremos su direcci\u00f3n de correo electr\u00f3nico para enviarle regularmente nuestro bolet\u00edn informativo. Para recibir el bolet\u00edn informativo, basta con indicar una direcci\u00f3n de correo electr\u00f3nico. Al final de cada bolet\u00edn informativo encontrar\u00e1 un enlace a trav\u00e9s del cual podr\u00e1 cancelar la suscripci\u00f3n al bolet\u00edn informativo en cualquier momento. La cancelaci\u00f3n es posible en cualquier momento, por ejemplo, a trav\u00e9s de un enlace al final de cada bolet\u00edn informativo. Alternativamente, tambi\u00e9n puede enviar su deseo de cancelaci\u00f3n en cualquier momento a info@deepred-design.de por correo electr\u00f3nico.      <\/span><\/p>\n<\/div>\n<\/div>\n<\/div>\n<\/div>\n<\/div>\n<\/div>\n<\/div>\n<\/div>\n<\/section>\n<section class=\"elementor-section elementor-top-section elementor-element elementor-element-e19a043 elementor-section-boxed elementor-section-height-default elementor-section-height-default\" data-id=\"e19a043\" data-element_type=\"section\">\n<div class=\"elementor-container elementor-column-gap-default\">\n<div class=\"elementor-row\">\n<div class=\"elementor-column elementor-col-100 elementor-top-column elementor-element elementor-element-d19fc9d\" data-id=\"d19fc9d\" data-element_type=\"column\">\n<div class=\"elementor-column-wrap elementor-element-populated\">\n<div class=\"elementor-widget-wrap\">\n<div class=\"elementor-element elementor-element-8f93497 elementor-widget elementor-widget-heading\" data-id=\"8f93497\" data-element_type=\"widget\" data-widget_type=\"heading.default\">\n<div class=\"elementor-widget-container\">\n<p><span class=\"font-555555 font-151610\"><strong>3) Cookies<br \/>\n<\/strong>Para que la visita a nuestro sitio web sea atractiva y para permitir el uso de determinadas funciones, utilizamos las denominadas cookies en varias p\u00e1ginas. Se trata de peque\u00f1os archivos de texto que se almacenan en su dispositivo terminal. Algunas de las cookies que utilizamos se borran de nuevo al final de la sesi\u00f3n del navegador, es decir, despu\u00e9s de cerrar su navegador (las denominadas cookies de sesi\u00f3n). Otras cookies permanecen en su dispositivo terminal y nos permiten a nosotros o a nuestras empresas asociadas (cookies de terceros) reconocer su navegador en su pr\u00f3xima visita (las denominadas cookies persistentes). Si se establecen cookies, estas recopilan y procesan, en un grado individual, determinada informaci\u00f3n del usuario, como datos del navegador y de la ubicaci\u00f3n, as\u00ed como valores de la direcci\u00f3n IP. Las cookies persistentes se eliminan autom\u00e1ticamente despu\u00e9s de un per\u00edodo de tiempo predefinido, que puede variar en funci\u00f3n de la cookie.En parte, las cookies sirven para simplificar el proceso de pedido mediante el almacenamiento de la configuraci\u00f3n (por ejemplo, recordar el contenido de un carrito de la compra virtual para una visita posterior al sitio web). Si los datos personales tambi\u00e9n se procesan a trav\u00e9s de cookies individuales utilizadas por nosotros, el tratamiento se realiza de acuerdo con el Art. 6, p\u00e1rrafo 1, letra b del RGPD, ya sea para la ejecuci\u00f3n del contrato o de acuerdo con el Art. 6, p\u00e1rrafo 1, letra f del RGPD para salvaguardar nuestros intereses leg\u00edtimos en la mejor funcionalidad posible del sitio web, as\u00ed como un dise\u00f1o de la visita a la p\u00e1gina que sea f\u00e1cil de usar y eficaz.Es posible que trabajemos con socios publicitarios que nos ayudan a que nuestra oferta de Internet sea m\u00e1s interesante para usted. Para ello, en este caso, tambi\u00e9n se almacenan cookies de empresas asociadas en su disco duro cuando visita nuestro sitio web (cookies de terceros). Si cooperamos con los socios publicitarios mencionados anteriormente, se le informar\u00e1 individualmente y por separado sobre el uso de dichas cookies y el alcance de la informaci\u00f3n recopilada en cada caso dentro de los siguientes p\u00e1rrafos.Tenga en cuenta que puede configurar su navegador de forma que se le informe sobre la instalaci\u00f3n de cookies y pueda decidir individualmente sobre su aceptaci\u00f3n o excluir la aceptaci\u00f3n de cookies para determinados casos o de forma general. Cada navegador se diferencia en la forma en que gestiona la configuraci\u00f3n de las cookies. Esto se describe en el men\u00fa de ayuda de cada navegador, que le explica c\u00f3mo puede cambiar la configuraci\u00f3n de las cookies. Puede encontrarla para los respectivos navegadores en los siguientes enlaces:Internet Explorer: <a href=\"https:\/\/support.microsoft.com\/de-de\/help\/17442\/windows-internet-explorer-delete-manage-cookies\" target=\"_blank\" rel=\"noopener\">https:\/\/support.microsoft.com\/de-de\/help\/17442\/windows-internet-explorer-delete-manage-cookies<\/a>Firefox: <a href=\"https:\/\/support.mozilla.org\/de\/kb\/cookies-erlauben-und-ablehnen\" target=\"_blank\" rel=\"noopener\">https:\/\/support.mozilla.org\/de\/kb\/cookies-erlauben-und-ablehnen<\/a>Chrome: <a href=\"https:\/\/support.google.com\/chrome\/answer\/95647?hl=de&amp;hlrm=en\" target=\"_blank\" rel=\"noopener\">https:\/\/support.google.com\/chrome\/answer\/95647?hl=de&amp;hlrm=en<\/a>Safari: <a href=\"https:\/\/support.apple.com\/de-de\/guide\/safari\/sfri11471\/mac\" target=\"_blank\" rel=\"noopener\">https:\/\/support.apple.com\/de-de\/guide\/safari\/sfri11471\/mac<\/a>Opera: <a href=\"https:\/\/help.opera.com\/en\/latest\/web-preferences\/#cookies\" target=\"_blank\" rel=\"noopener\">https:\/\/help.opera.com\/en\/latest\/web-preferences\/#cookies<\/a>               <\/span><\/p>\n<\/div>\n<\/div>\n<div class=\"elementor-element elementor-element-f3d6eb5 elementor-widget elementor-widget-text-editor\" data-id=\"f3d6eb5\" data-element_type=\"widget\" data-widget_type=\"text-editor.default\">\n<div class=\"elementor-widget-container\">\n<div class=\"elementor-text-editor elementor-clearfix\">\n<p><span class=\"font-555555 font-151610\">Tenga en cuenta que, si no acepta las cookies, la funcionalidad de nuestro sitio web puede verse limitada.<\/span><\/p>\n<\/div>\n<div class=\"elementor-element elementor-element-e8d3931 elementor-widget elementor-widget-heading\" data-id=\"e8d3931\" data-element_type=\"widget\" data-widget_type=\"heading.default\">\n<div class=\"elementor-widget-container\">\n<p><span class=\"font-555555 font-151610\"><strong>4) Herramientas de an\u00e1lisis<br \/>\n<\/strong><strong>4.1 Herramientas de seguimiento<\/strong>Las medidas de seguimiento enumeradas a continuaci\u00f3n y utilizadas por nosotros se llevan a cabo sobre la base del Art. 6, p\u00e1rrafo 1, frase 1, letra f del RGPD. Con las medidas de seguimiento utilizadas, queremos garantizar un dise\u00f1o adecuado a las necesidades y la optimizaci\u00f3n continua de nuestro sitio web.Por otro lado, utilizamos las medidas de seguimiento para registrar estad\u00edsticamente el uso de nuestro sitio web y para evaluar la optimizaci\u00f3n de nuestra oferta para usted. Estos intereses deben considerarse leg\u00edtimos en el sentido de la disposici\u00f3n anterior. Los respectivos fines del tratamiento de datos y las categor\u00edas de datos pueden consultarse en las correspondientes herramientas de seguimiento.     <\/span><\/p>\n<\/div>\n<\/div>\n<div class=\"elementor-element elementor-element-06a9467 elementor-widget elementor-widget-text-editor\" data-id=\"06a9467\" data-element_type=\"widget\" data-widget_type=\"text-editor.default\">\n<div class=\"elementor-widget-container\">\n<div class=\"elementor-text-editor elementor-clearfix\">\n<p><span class=\"font-555555 font-151610\"><strong>4.2 Google Analytics<\/strong>Con el fin de dise\u00f1ar nuestras p\u00e1ginas de acuerdo con las necesidades y optimizarlas continuamente, utilizamos Google Analytics, un servicio de an\u00e1lisis web de Google Inc. (https:\/\/www.google.de\/ intl\/de\/about\/) (1600 Amphitheatre Parkway, Mountain View, CA 94043, USA; en lo sucesivo, \u00abGoogle\u00bb). En este contexto, se crean perfiles de uso seudonimizados y se utilizan cookies (v\u00e9ase el apartado 4). La informaci\u00f3n generada por la cookie sobre su uso de este sitio web, como\u2022 Tipo\/versi\u00f3n de navegador,\u2022 Sistema operativo utilizado,\u2022 URL de referencia (la p\u00e1gina visitada anteriormente),\u2022 Nombre del host del ordenador que accede (direcci\u00f3n IP),\u2022 Hora de la solicitud del servidor,se transmiten a un servidor de Google en los EE. UU. y se almacenan all\u00ed. La informaci\u00f3n se utiliza para evaluar el uso del sitio web, para recopilar informes sobre las actividades del sitio web y para prestar otros servicios relacionados con el uso del sitio web y el uso de Internet con fines de investigaci\u00f3n de mercado y dise\u00f1o de estas p\u00e1ginas de Internet de acuerdo con las necesidades. Esta informaci\u00f3n tambi\u00e9n se transmite a terceros si as\u00ed lo exige la ley o si terceros procesan estos datos por encargo. En ning\u00fan caso se combinar\u00e1 su direcci\u00f3n IP con otros datos de Google. Las direcciones IP se anonimizan, de modo que no es posible una asignaci\u00f3n (enmascaramiento de IP). Puede evitar la instalaci\u00f3n de cookies mediante la configuraci\u00f3n correspondiente del software de su navegador; no obstante, le advertimos que, en este caso, es posible que no pueda utilizar todas las funciones de este sitio web en su totalidad. Adem\u00e1s, puede evitar la recopilaci\u00f3n de los datos generados por la cookie y relacionados con su uso del sitio web (incluida su direcci\u00f3n IP), as\u00ed como el tratamiento de estos datos por parte de Google, descargando e instalando un complemento para el navegador (https:\/\/ tools.google.com\/dlpage\/gaoptout?hl=de) . Como alternativa al complemento del navegador, especialmente en el caso de los navegadores de los dispositivos m\u00f3viles, tambi\u00e9n puede evitar la recopilaci\u00f3n por parte de Google Analytics haciendo clic en este enlace. Se establece una cookie de exclusi\u00f3n voluntaria que impide la futura recopilaci\u00f3n de sus datos al visitar este sitio web. La cookie de exclusi\u00f3n voluntaria solo es v\u00e1lida en este navegador y solo para nuestro sitio web y se almacena en su dispositivo. Si elimina las cookies de este navegador, deber\u00e1 volver a establecer la cookie de exclusi\u00f3n voluntaria. Encontrar\u00e1 m\u00e1s informaci\u00f3n sobre la protecci\u00f3n de datos en relaci\u00f3n con Google Analytics en la ayuda de Google Analytics (https:\/\/support.google.com\/analytics\/answer\/ 6004245?hl=de).              <\/span><\/p>\n<p><span class=\"font-555555 font-151610\"><strong>4.3 Google Adwords Conversion Tracking<\/strong>Para registrar estad\u00edsticamente el uso de nuestro sitio web y para evaluar la optimizaci\u00f3n de nuestro sitio web para usted, tambi\u00e9n utilizamos el Google Conversion Tracking.En este caso, Google Adwords instala una cookie (v\u00e9ase el apartado 4) en su ordenador si ha llegado a nuestro sitio web a trav\u00e9s de un anuncio de Google. Estas cookies pierden su validez despu\u00e9s de 30 d\u00edas y no sirven para la identificaci\u00f3n personal. Si el usuario visita determinadas p\u00e1ginas del sitio web del cliente de Adwords y la cookie a\u00fan no ha caducado, Google y el cliente pueden reconocer que el usuario ha hecho clic en el anuncio y ha sido redirigido a esta p\u00e1gina.Cada cliente de Adwords recibe una cookie diferente. Por lo tanto, las cookies no pueden rastrearse a trav\u00e9s de los sitios web de los clientes de Adwords. La informaci\u00f3n obtenida con la ayuda de la cookie de conversi\u00f3n sirve para crear estad\u00edsticas de conversi\u00f3n para los clientes de Adwords que se han decidido por el seguimiento de conversiones. Los clientes de Adwords conocen el n\u00famero total de usuarios que han hecho clic en su anuncio y han sido redirigidos a una p\u00e1gina provista de una etiqueta de seguimiento de conversiones. Sin embargo, no reciben ninguna informaci\u00f3n con la que se pueda identificar personalmente a los usuarios.Si no desea participar en el proceso de seguimiento, tambi\u00e9n puede rechazar la instalaci\u00f3n de una cookie necesaria para ello, por ejemplo, mediante la configuraci\u00f3n del navegador que desactiva generalmente la instalaci\u00f3n autom\u00e1tica de cookies. Tambi\u00e9n puede desactivar las cookies para el seguimiento de conversiones configurando su navegador para que bloquee las cookies del dominio \u00abwww.googleadservices.com\u00bb. Encontrar\u00e1 la pol\u00edtica de privacidad de Google sobre el seguimiento de conversiones aqu\u00ed (https:\/\/services.google.com\/sitestats\/de.html).        <\/span><\/p>\n<\/div>\n<\/div>\n<\/div>\n<\/div>\n<\/div>\n<\/div>\n<\/div>\n<\/div>\n<\/div>\n<\/div>\n<\/section>\n<section class=\"elementor-section elementor-top-section elementor-element elementor-element-b2958ea elementor-section-boxed elementor-section-height-default elementor-section-height-default\" data-id=\"b2958ea\" data-element_type=\"section\">\n<div class=\"elementor-container elementor-column-gap-default\">\n<div class=\"elementor-row\">\n<div class=\"elementor-column elementor-col-100 elementor-top-column elementor-element elementor-element-d63a5d3\" data-id=\"d63a5d3\" data-element_type=\"column\">\n<div class=\"elementor-column-wrap elementor-element-populated\">\n<div class=\"elementor-widget-wrap\">\n<div class=\"elementor-element elementor-element-e8d3931 elementor-widget elementor-widget-heading\" data-id=\"e8d3931\" data-element_type=\"widget\" data-widget_type=\"heading.default\">\n<div class=\"elementor-widget-container\">\n<p><span class=\"font-555555 font-151610\"><strong>5) Toma de contacto<br \/>\n<\/strong>En el marco de la toma de contacto con nosotros (por ejemplo, a trav\u00e9s de un formulario de contacto o por correo electr\u00f3nico) se recopilan datos personales. Los datos que se recogen en el caso de un formulario de contacto se pueden ver en el respectivo formulario de contacto. Estos datos se almacenan y utilizan exclusivamente con el fin de responder a su solicitud o para la toma de contacto y la administraci\u00f3n t\u00e9cnica asociada. La base legal para el tratamiento de estos datos es nuestro inter\u00e9s leg\u00edtimo en la respuesta a su solicitud de acuerdo con el Art. 6, p\u00e1rrafo 1, letra f del RGPD. Si su toma de contacto tiene como objetivo la celebraci\u00f3n de un contrato, la base legal adicional para el tratamiento es el Art. 6, p\u00e1rrafo 1, letra b del RGPD. Sus datos se eliminar\u00e1n una vez que se haya tramitado su solicitud. Este es el caso cuando se puede deducir de las circunstancias que el asunto en cuesti\u00f3n se ha aclarado definitivamente y siempre que no existan obligaciones legales de conservaci\u00f3n que lo impidan.          <\/span><\/p>\n<\/div>\n<\/div>\n<\/div>\n<\/div>\n<\/div>\n<\/div>\n<\/div>\n<\/section>\n<section class=\"elementor-section elementor-top-section elementor-element elementor-element-30b5db1 elementor-section-boxed elementor-section-height-default elementor-section-height-default\" data-id=\"30b5db1\" data-element_type=\"section\">\n<div class=\"elementor-container elementor-column-gap-default\">\n<div class=\"elementor-row\">\n<div class=\"elementor-column elementor-col-100 elementor-top-column elementor-element elementor-element-22db4ae\" data-id=\"22db4ae\" data-element_type=\"column\">\n<div class=\"elementor-column-wrap elementor-element-populated\">\n<div class=\"elementor-widget-wrap\">\n<div class=\"elementor-element elementor-element-d1be9f8 elementor-widget elementor-widget-heading\" data-id=\"d1be9f8\" data-element_type=\"widget\" data-widget_type=\"heading.default\">\n<div class=\"elementor-widget-container\">\n<p><span class=\"font-555555 font-151610\"><strong>6) Uso de sus datos para publicidad directa<br \/>\n<\/strong><b>6.1 Suscripci\u00f3n a nuestro bolet\u00edn informativo por correo electr\u00f3nico<br \/>\n<\/b>Si se suscribe a nuestro bolet\u00edn informativo por correo electr\u00f3nico, le enviaremos regularmente informaci\u00f3n sobre nuestras ofertas. El \u00fanico dato obligatorio para el env\u00edo del bolet\u00edn informativo es su direcci\u00f3n de correo electr\u00f3nico. La indicaci\u00f3n de otros datos es voluntaria y se utiliza para poder dirigirnos a usted personalmente. Para el env\u00edo del bolet\u00edn informativo utilizamos el denominado procedimiento de doble confirmaci\u00f3n (Double Opt-in). Esto significa que solo le enviaremos un bolet\u00edn informativo por correo electr\u00f3nico si nos ha confirmado expresamente que consiente la recepci\u00f3n del bolet\u00edn informativo. A continuaci\u00f3n, le enviaremos un correo electr\u00f3nico de confirmaci\u00f3n en el que se le pedir\u00e1 que confirme, haciendo clic en un enlace correspondiente, que desea recibir el bolet\u00edn informativo en el futuro.     <\/span><\/p>\n<\/div>\n<\/div>\n<div class=\"elementor-element elementor-element-c2ff7a6 elementor-widget elementor-widget-text-editor\" data-id=\"c2ff7a6\" data-element_type=\"widget\" data-widget_type=\"text-editor.default\">\n<div class=\"elementor-widget-container\">\n<div class=\"elementor-text-editor elementor-clearfix\">\n<p><span class=\"font-555555 font-151610\">Al activar el enlace de confirmaci\u00f3n, nos da su consentimiento para el uso de sus datos personales de acuerdo con el Art. 6, p\u00e1rrafo 1, letra a del RGPD. Al suscribirse al bolet\u00edn informativo, guardamos su direcci\u00f3n IP registrada por el proveedor de servicios de Internet (ISP), as\u00ed como la fecha y la hora de la suscripci\u00f3n, para poder rastrear un posible uso indebido de su direcci\u00f3n de correo electr\u00f3nico en un momento posterior. Los datos que recopilamos al suscribirse al bolet\u00edn informativo se utilizan exclusivamente con fines de contacto publicitario a trav\u00e9s del bolet\u00edn informativo. Puede cancelar la suscripci\u00f3n al bolet\u00edn informativo en cualquier momento a trav\u00e9s del enlace previsto para ello en el bolet\u00edn informativo o mediante un mensaje correspondiente al responsable mencionado al principio. Una vez que se haya dado de baja, su direcci\u00f3n de correo electr\u00f3nico se eliminar\u00e1 inmediatamente de nuestra lista de distribuci\u00f3n del bolet\u00edn informativo, a menos que haya consentido expresamente un uso posterior de sus datos o nos reservemos un uso de datos adicional que est\u00e9 permitido por la ley y sobre el que le informemos en esta declaraci\u00f3n.      <\/span><\/p>\n<p><span class=\"font-555555 font-151610\"><b>6.2 Env\u00edo de boletines informativos a trav\u00e9s de Newsletter2Go<br \/>\n<\/b>El env\u00edo de nuestros boletines informativos por correo electr\u00f3nico se realiza a trav\u00e9s del proveedor de servicios t\u00e9cnicos Newsletter2Go GmbH, K\u00f6penicker Str. 126, 10179 Berl\u00edn (\u00abNewsletter2GO\u00bb), al que transmitimos los datos que usted proporciona al suscribirse al bolet\u00edn informativo. Esta transmisi\u00f3n se realiza de acuerdo con el Art. 6, p\u00e1rrafo 1, letra f del RGPD y sirve a nuestro inter\u00e9s leg\u00edtimo en el uso de un sistema de boletines informativos eficaz, seguro y f\u00e1cil de usar. Los datos que usted introduce con el fin de recibir el bolet\u00edn informativo (por ejemplo, la direcci\u00f3n de correo electr\u00f3nico) se almacenan en los servidores de Newsletter2GO en Alemania.    <\/span><\/p>\n<p><span class=\"font-555555 font-151610\">Newsletter2GO utiliza esta informaci\u00f3n para el env\u00edo y la evaluaci\u00f3n estad\u00edstica de los boletines informativos en nuestro nombre. Para la evaluaci\u00f3n, los correos electr\u00f3nicos enviados contienen las llamadas balizas web o p\u00edxeles de seguimiento, que representan archivos de imagen de un p\u00edxel que se almacenan en nuestro sitio web. Esto permite determinar si se ha abierto un mensaje del bolet\u00edn informativo y qu\u00e9 enlaces se han pulsado en su caso. Con la ayuda del llamado seguimiento de conversiones, tambi\u00e9n se puede analizar si, tras hacer clic en dichos enlaces, se ha producido una acci\u00f3n predefinida (por ejemplo, la compra de un producto en nuestro sitio web). Adem\u00e1s, se registran datos t\u00e9cnicos (por ejemplo, el momento de la consulta, la direcci\u00f3n IP, el tipo de navegador y el sistema operativo). Los datos se recogen exclusivamente de forma anonimizada y no se vinculan a sus dem\u00e1s datos personales, excluy\u00e9ndose la posibilidad de establecer una relaci\u00f3n directa con una persona. Estos datos se utilizan exclusivamente para el an\u00e1lisis estad\u00edstico de las campa\u00f1as de boletines informativos. Los resultados de estos an\u00e1lisis pueden utilizarse para adaptar mejor los futuros boletines informativos a los intereses de los destinatarios. Si desea oponerse al an\u00e1lisis de datos con fines de evaluaci\u00f3n estad\u00edstica, debe cancelar la suscripci\u00f3n al bolet\u00edn informativo. Hemos celebrado con Newsletter2GO un contrato de procesamiento de datos, con el que obligamos a Newsletter2GO a proteger los datos de nuestros clientes y a no transmitirlos a terceros.       <\/span><\/p>\n<p><span class=\"font-555555 font-151610\"><b>6.3 Publicidad por correo postal<br \/>\n<\/b>Sobre la base de nuestro inter\u00e9s leg\u00edtimo en la publicidad directa personalizada, nos reservamos el derecho a guardar su nombre y apellidos, su direcci\u00f3n postal y, en la medida en que hayamos recibido estos datos adicionales de usted en el marco de la relaci\u00f3n contractual, su t\u00edtulo, grado acad\u00e9mico, a\u00f1o de nacimiento y su denominaci\u00f3n profesional, sectorial o comercial, de conformidad con el art\u00edculo 6, apartado 1, letra f del RGPD, y a utilizarlos para el env\u00edo de ofertas e informaci\u00f3n interesantes sobre nuestros productos por correo postal.  <\/span><\/p>\n<p><span class=\"font-555555 font-151610\">Puede oponerse al almacenamiento y uso de sus datos para este fin en cualquier momento mediante un mensaje correspondiente al responsable.<\/span><\/p>\n<\/div>\n<\/div>\n<\/div>\n<\/div>\n<\/div>\n<\/div>\n<\/div>\n<\/div>\n<\/section>\n<section class=\"elementor-section elementor-top-section elementor-element elementor-element-9ebe4cf elementor-section-boxed elementor-section-height-default elementor-section-height-default\" data-id=\"9ebe4cf\" data-element_type=\"section\">\n<div class=\"elementor-container elementor-column-gap-default\">\n<div class=\"elementor-row\">\n<div class=\"elementor-column elementor-col-100 elementor-top-column elementor-element elementor-element-c594cc9\" data-id=\"c594cc9\" data-element_type=\"column\">\n<div class=\"elementor-column-wrap elementor-element-populated\">\n<div class=\"elementor-widget-wrap\">\n<div class=\"elementor-element elementor-element-a30eaff elementor-widget elementor-widget-heading\" data-id=\"a30eaff\" data-element_type=\"widget\" data-widget_type=\"heading.default\">\n<div class=\"elementor-widget-container\">\n<p class=\"elementor-heading-title elementor-size-default\"><span class=\"font-555555 font-151610\"><strong>7) Complementos de redes sociales<br \/>\n<\/strong>En nuestro sitio web utilizamos complementos sociales de las redes sociales Facebook, Twitter e Instagram sobre la base del art\u00edculo 6, apartado 1, frase 1, letra f del RGPD, con el fin de dar a conocer nuestra empresa\/eventos a trav\u00e9s de estos medios. El prop\u00f3sito publicitario subyacente debe considerarse un inter\u00e9s leg\u00edtimo en el sentido del RGPD. La responsabilidad de un funcionamiento conforme a la protecci\u00f3n de datos debe ser garantizada por sus respectivos proveedores. La integraci\u00f3n de estos complementos por nuestra parte se realiza mediante el llamado m\u00e9todo de los dos clics para proteger a los visitantes de nuestro sitio web de la mejor manera posible.     <\/span><\/p>\n<\/div>\n<\/div>\n<div class=\"elementor-element elementor-element-6143fc0 elementor-widget elementor-widget-text-editor\" data-id=\"6143fc0\" data-element_type=\"widget\" data-widget_type=\"text-editor.default\">\n<div class=\"elementor-widget-container\">\n<div class=\"elementor-text-editor elementor-clearfix\">\n<p><span class=\"font-555555 font-151610\"><b>7.1 V\u00eddeos de YouTube<br \/>\n<\/b>Este sitio web utiliza la funci\u00f3n de incrustaci\u00f3n de YouTube para mostrar y reproducir v\u00eddeos del proveedor \u00abYouTube\u00bb, que pertenece a Google Ireland Limited, Gordon House, 4 Barrow St, Dubl\u00edn, D04 E5W5, Irlanda (\u00abGoogle\u00bb). Para ello, se utiliza el modo de protecci\u00f3n de datos ampliado, que, seg\u00fan las indicaciones del proveedor, solo activa el almacenamiento de informaci\u00f3n del usuario cuando se reproduce el v\u00eddeo o los v\u00eddeos. Si se inicia la reproducci\u00f3n de v\u00eddeos de YouTube incrustados, el proveedor \u00abYouTube\u00bb utiliza cookies para recopilar informaci\u00f3n sobre el comportamiento del usuario. Seg\u00fan las indicaciones de \u00abYouTube\u00bb, estos sirven, entre otras cosas, para registrar estad\u00edsticas de v\u00eddeo, mejorar la facilidad de uso y evitar comportamientos abusivos. Si ha iniciado sesi\u00f3n en Google, sus datos se asignar\u00e1n directamente a su cuenta al hacer clic en un v\u00eddeo. Si no desea que se asigne a su perfil en YouTube, debe cerrar la sesi\u00f3n antes de activar el bot\u00f3n. Google guarda sus datos (incluso para los usuarios que no han iniciado sesi\u00f3n) como perfiles de uso y los eval\u00faa. Dicha evaluaci\u00f3n se realiza en particular de conformidad con el art\u00edculo 6, apartado 1, letra f del RGPD sobre la base de los intereses leg\u00edtimos de Google en la visualizaci\u00f3n de publicidad personalizada, la investigaci\u00f3n de mercado y\/o el dise\u00f1o de su sitio web en funci\u00f3n de las necesidades. Tiene derecho a oponerse a la creaci\u00f3n de estos perfiles de usuario, para lo cual debe dirigirse a YouTube. En el marco del uso de YouTube, tambi\u00e9n puede producirse una transmisi\u00f3n de datos personales a los servidores de Google LLC. en los EE. UU.           <\/span><\/p>\n<p><span class=\"font-555555 font-151610\">Independientemente de la reproducci\u00f3n de los v\u00eddeos incrustados, cada vez que se accede a este sitio web se establece una conexi\u00f3n con la red de Google, lo que puede desencadenar otros procesos de tratamiento de datos sin que nosotros podamos influir en ello.<\/span><\/p>\n<p><span class=\"font-555555 font-151610\">En caso de que se transmitan datos personales a Google LLC. con sede en los EE. UU., Google LLC. se ha certificado para el acuerdo de protecci\u00f3n de datos entre EE. UU. y Europa \u00abPrivacy Shield\u00bb, que garantiza el cumplimiento del nivel de protecci\u00f3n de datos vigente en la UE. Se puede consultar un certificado actual aqu\u00ed: <a href=\"https:\/\/www.privacyshield.gov\/list\" target=\"_blank\" rel=\"noopener\">https:\/\/www.privacyshield.gov\/list<\/a>   <\/span><\/p>\n<p><span class=\"font-555555 font-151610\">Encontrar\u00e1 m\u00e1s informaci\u00f3n sobre la protecci\u00f3n de datos en \u00abYouTube\u00bb en la declaraci\u00f3n de protecci\u00f3n de datos del proveedor en: <a href=\"https:\/\/www.google.de\/intl\/de\/policies\/privacy\" target=\"_blank\" rel=\"noopener\">https:\/\/www.google.de\/intl\/de\/policies\/privacy<\/a><\/span><\/p>\n<p><span class=\"font-555555 font-151610\">En la medida en que sea legalmente necesario, hemos obtenido su consentimiento para el tratamiento de sus datos descrito anteriormente de conformidad con el art\u00edculo 6, apartado 1, letra a del RGPD. Puede revocar su consentimiento prestado en cualquier momento con efecto para el futuro. Para ejercer su revocaci\u00f3n, siga la posibilidad descrita anteriormente para realizar una objeci\u00f3n.    <\/span><\/p>\n<\/div>\n<p><span class=\"font-555555 font-151610\"><strong>7.2 Facebook<\/strong>En nuestro sitio web se utilizan plugins de redes sociales de Facebook para personalizar su uso. Para ello, utilizamos el bot\u00f3n \u00abME GUSTA\u00bb o \u00abCOMPARTIR\u00bb. Se trata de una oferta de Facebook. Cuando accede a una p\u00e1gina de nuestro sitio web que contiene dicho plugin, su navegador establece una conexi\u00f3n directa con los servidores de Facebook. El contenido del plugin es transmitido directamente por Facebook a su navegador y este lo integra en la p\u00e1gina web. A trav\u00e9s de la integraci\u00f3n de los plugins, Facebook recibe la informaci\u00f3n de que su navegador ha accedido a la p\u00e1gina correspondiente de nuestro sitio web, incluso si no tiene una cuenta de Facebook o no est\u00e1 conectado a Facebook en ese momento. Esta informaci\u00f3n (incluida su direcci\u00f3n IP) es transmitida directamente por su navegador a un servidor de Facebook en los EE. UU. y all\u00ed se almacena. Si est\u00e1 conectado a Facebook, Facebook puede asignar directamente la visita a nuestro sitio web a su cuenta de Facebook. Si interact\u00faa con los plugins, por ejemplo, pulsando el bot\u00f3n \u00abME GUSTA\u00bb o \u00abCOMPARTIR\u00bb, la informaci\u00f3n correspondiente tambi\u00e9n se transmite directamente a un servidor de Facebook y all\u00ed se almacena. La informaci\u00f3n tambi\u00e9n se publica en Facebook y se muestra a sus amigos de Facebook. Facebook puede utilizar esta informaci\u00f3n con fines publicitarios, de investigaci\u00f3n de mercado y de dise\u00f1o de las p\u00e1ginas de Facebook en funci\u00f3n de las necesidades. Para ello, Facebook crea perfiles de uso, intereses y relaciones, por ejemplo, para evaluar su uso de nuestro sitio web con respecto a los anuncios que se le muestran en Facebook, para informar a otros usuarios de Facebook sobre sus actividades en nuestro sitio web y para prestar otros servicios relacionados con el uso de Facebook. Si no desea que Facebook asigne los datos recogidos a trav\u00e9s de nuestro sitio web a su cuenta de Facebook, debe cerrar la sesi\u00f3n de Facebook antes de visitar nuestro sitio web. El prop\u00f3sito y el alcance de la recogida de datos y el posterior procesamiento y uso de los datos por parte de Facebook, as\u00ed como sus derechos al respecto y las opciones de configuraci\u00f3n para proteger su privacidad, se pueden consultar en la pol\u00edtica de privacidad de Facebook.            <\/span><\/p>\n<p><span class=\"font-555555 font-151610\"><strong>7.3 LinkedIn<\/strong>El responsable del tratamiento ha integrado componentes de LinkedIn Corporation en este sitio web. LinkedIn es una red social basada en Internet que permite la conexi\u00f3n de los usuarios con contactos comerciales existentes, as\u00ed como el establecimiento de nuevos contactos comerciales. M\u00e1s de 400 millones de personas registradas utilizan LinkedIn en m\u00e1s de 200 pa\u00edses. Esto convierte a LinkedIn en la mayor plataforma de contactos comerciales y en uno de los sitios web m\u00e1s visitados del mundo. La empresa operadora de LinkedIn es LinkedIn Corporation, 2029 Stierlin Court Mountain View, CA 94043, EE. UU. Para los asuntos de protecci\u00f3n de datos fuera de los EE. UU., es responsable LinkedIn Ireland, Privacy Policy Issues, Wilton Plaza, Wilton Place, Dubl\u00edn 2, Irlanda. Cada vez que se accede a nuestro sitio web, que est\u00e1 equipado con un componente de LinkedIn (plugin de LinkedIn), este componente hace que el navegador utilizado por la persona en cuesti\u00f3n descargue una representaci\u00f3n correspondiente del componente de LinkedIn. Puede encontrar m\u00e1s informaci\u00f3n sobre los plugins de LinkedIn en https:\/\/developer.linkedin.com\/plugins. En el marco de este procedimiento t\u00e9cnico, LinkedIn tiene conocimiento de qu\u00e9 subp\u00e1gina concreta de nuestro sitio web es visitada por la persona en cuesti\u00f3n. Si la persona en cuesti\u00f3n est\u00e1 conectada a LinkedIn al mismo tiempo, LinkedIn reconoce con cada acceso a nuestro sitio web por parte de la persona en cuesti\u00f3n y durante toda la duraci\u00f3n de su estancia en nuestro sitio web, qu\u00e9 subp\u00e1gina concreta de nuestro sitio web visita la persona en cuesti\u00f3n. Esta informaci\u00f3n es recogida por el componente de LinkedIn y asignada por LinkedIn a la respectiva cuenta de LinkedIn de la persona en cuesti\u00f3n. Si la persona en cuesti\u00f3n acciona un bot\u00f3n de LinkedIn integrado en nuestro sitio web, LinkedIn asigna esta informaci\u00f3n a la cuenta de usuario personal de LinkedIn de la persona en cuesti\u00f3n y guarda estos datos personales. LinkedIn recibe a trav\u00e9s del componente de LinkedIn siempre una informaci\u00f3n sobre el hecho de que la persona en cuesti\u00f3n ha visitado nuestro sitio web, si la persona en cuesti\u00f3n est\u00e1 conectada a LinkedIn al mismo tiempo del acceso a nuestro sitio web; esto tiene lugar independientemente de si la persona en cuesti\u00f3n hace clic en el componente de LinkedIn o no. Si una transmisi\u00f3n de este tipo de esta informaci\u00f3n a LinkedIn no es deseada por la persona en cuesti\u00f3n, esta puede evitar la transmisi\u00f3n cerrando la sesi\u00f3n de su cuenta de LinkedIn antes de acceder a nuestro sitio web. LinkedIn ofrece en https:\/\/www.linkedin.com\/psettings\/guest-controls la posibilidad de cancelar la suscripci\u00f3n a los mensajes de correo electr\u00f3nico, los mensajes SMS y los anuncios dirigidos, as\u00ed como de gestionar la configuraci\u00f3n de los anuncios. LinkedIn tambi\u00e9n utiliza socios como Quantcast, Google Analytics, BlueKai, DoubleClick, Nielsen, Comscore, Eloqua y Lotame, que pueden establecer cookies. Dichas cookies pueden rechazarse en https:\/\/www.linkedin.com\/legal\/cookie-policy. Las disposiciones de protecci\u00f3n de datos vigentes de LinkedIn est\u00e1n disponibles en https:\/\/www.linkedin.com\/legal\/privacy-policy. La pol\u00edtica de cookies de LinkedIn est\u00e1 disponible en https:\/\/www.linkedin.com\/legal\/cookie-policy.                  <\/span><\/p>\n<p><span class=\"font-555555 font-151610\"><strong>7.4 Instagram<\/strong>En nuestro sitio web tambi\u00e9n se utilizan los llamados plugins sociales (\u00abplugins\u00bb) de Instagram, que es operado por Instagram. Los plugins est\u00e1n marcados con un logotipo de Instagram, por ejemplo, en forma de una \u00abc\u00e1mara de Instagram\u00bb. Cuando accede a una p\u00e1gina de nuestro sitio web que contiene dicho plugin, su navegador establece una conexi\u00f3n directa con los servidores de Instagram. El contenido del plugin es transmitido directamente por Instagram a su navegador y se integra en la p\u00e1gina. A trav\u00e9s de esta integraci\u00f3n, Instagram recibe la informaci\u00f3n de que su navegador ha accedido a la p\u00e1gina correspondiente de nuestro sitio web, incluso si no tiene un perfil de Instagram o no est\u00e1 conectado a Instagram en ese momento. Esta informaci\u00f3n (incluida su direcci\u00f3n IP) es transmitida directamente por su navegador a un servidor de Instagram en los EE. UU. y all\u00ed se almacena. Si est\u00e1 conectado a Instagram, Instagram puede asignar directamente la visita a nuestro sitio web a su cuenta de Instagram. Si interact\u00faa con los plugins, por ejemplo, pulsando el bot\u00f3n \u00abInstagram\u00bb, esta informaci\u00f3n tambi\u00e9n se transmite directamente a un servidor de Instagram y all\u00ed se almacena. La informaci\u00f3n tambi\u00e9n se publica en su cuenta de Instagram y se muestra all\u00ed a sus contactos. Si no desea que Instagram asigne directamente los datos recogidos a trav\u00e9s de nuestro sitio web a su cuenta de Instagram, debe cerrar la sesi\u00f3n de Instagram antes de visitar nuestro sitio web. Encontrar\u00e1 m\u00e1s informaci\u00f3n al respecto en la pol\u00edtica de privacidad (https:\/\/help.instagram.com\/155833707900388) de Instagram.        <\/span><\/p>\n<\/div>\n<\/div>\n<\/div>\n<\/div>\n<\/div>\n<\/div>\n<\/div>\n<\/section>\n<section class=\"elementor-section elementor-top-section elementor-element elementor-element-58064df elementor-section-boxed elementor-section-height-default elementor-section-height-default\" data-id=\"58064df\" data-element_type=\"section\">\n<div class=\"elementor-container elementor-column-gap-default\">\n<div class=\"elementor-row\">\n<div class=\"elementor-column elementor-col-100 elementor-top-column elementor-element elementor-element-7f73471\" data-id=\"7f73471\" data-element_type=\"column\">\n<div class=\"elementor-column-wrap elementor-element-populated\">\n<div class=\"elementor-widget-wrap\">\n<div class=\"elementor-element elementor-element-6c8ed89 elementor-widget elementor-widget-heading\" data-id=\"6c8ed89\" data-element_type=\"widget\" data-widget_type=\"heading.default\">\n<div class=\"elementor-widget-container\">\n<p><span class=\"font-555555 font-151610\"><strong>8) Herramientas y otros<br \/>\n<\/strong><b>Solicitudes de empleo por correo electr\u00f3nico<br \/>\n<\/b>En nuestro sitio web publicamos en una secci\u00f3n separada las vacantes actuales a las que los interesados pueden optar enviando un correo electr\u00f3nico a la direcci\u00f3n de contacto facilitada. La inclusi\u00f3n en el proceso de solicitud requiere que los solicitantes nos proporcionen, junto con la solicitud por correo electr\u00f3nico, todos los datos personales necesarios para una evaluaci\u00f3n y selecci\u00f3n fundamentadas e informadas. Los datos necesarios incluyen informaci\u00f3n general sobre la persona (el nombre, la direcci\u00f3n, una posibilidad de contacto telef\u00f3nico o electr\u00f3nico), as\u00ed como pruebas espec\u00edficas del rendimiento sobre las cualificaciones necesarias para un puesto. En su caso, tambi\u00e9n son necesarios los datos relacionados con la salud, que deben tener una consideraci\u00f3n especial en la persona del solicitante en virtud del derecho laboral y social en inter\u00e9s de la protecci\u00f3n social. Los componentes que debe contener una solicitud en cada caso para su consideraci\u00f3n y la forma en que estos componentes deben transmitirse por correo electr\u00f3nico se pueden consultar en la respectiva oferta de empleo. Tras la recepci\u00f3n de la solicitud enviada utilizando la direcci\u00f3n de contacto de correo electr\u00f3nico indicada, los datos del solicitante son guardados por nosotros y evaluados exclusivamente con el fin de tramitar la solicitud. Para las preguntas que surjan en el curso de la tramitaci\u00f3n, utilizamos, a nuestra elecci\u00f3n, la direcci\u00f3n de correo electr\u00f3nico facilitada por el solicitante con su solicitud o un n\u00famero de tel\u00e9fono indicado. La base jur\u00eddica para estos tratamientos, incluido el contacto para realizar preguntas, es fundamentalmente el art\u00edculo 6, apartado 1, letra b del RGPD en relaci\u00f3n con el art\u00edculo 26, apartado 1 de la BDSG, en cuyo sentido el desarrollo del proceso de solicitud se considera como el inicio de un contrato de trabajo. En la medida en que, en el marco del proceso de solicitud, se soliciten a los solicitantes categor\u00edas especiales de datos personales en el sentido del art\u00edculo 9, apartado 1 del RGPD (por ejemplo, datos de salud como informaci\u00f3n sobre la condici\u00f3n de persona con discapacidad grave), el tratamiento se realiza de conformidad con el art\u00edculo 9, apartado 2, letra b del RGPD, para que podamos ejercer los derechos derivados del derecho laboral y del derecho de la seguridad social y de la protecci\u00f3n social y cumplir con nuestras obligaciones al respecto. De forma acumulativa o alternativa, el tratamiento de las categor\u00edas especiales de datos tambi\u00e9n puede basarse en el art\u00edculo 9, apartado 1, letra h del RGPD, si se realiza con fines de asistencia sanitaria o medicina laboral, para la evaluaci\u00f3n de la capacidad laboral del solicitante, para el diagn\u00f3stico m\u00e9dico, la atenci\u00f3n o el tratamiento en el \u00e1mbito sanitario o social o para la gesti\u00f3n de sistemas y servicios en el \u00e1mbito sanitario o social. Si, en el curso de la evaluaci\u00f3n descrita anteriormente, no se produce una selecci\u00f3n del solicitante o un solicitante retira su solicitud de forma prematura, sus datos transmitidos por correo electr\u00f3nico, as\u00ed como toda la correspondencia electr\u00f3nica, incluido el correo electr\u00f3nico de solicitud original, se eliminar\u00e1n a m\u00e1s tardar despu\u00e9s de 6 meses tras una notificaci\u00f3n correspondiente. Este plazo se basa en nuestro inter\u00e9s leg\u00edtimo en responder a cualquier pregunta de seguimiento sobre la solicitud y, en su caso, poder cumplir con nuestras obligaciones de prueba derivadas de las disposiciones sobre la igualdad de trato de los solicitantes. En caso de una solicitud exitosa, los datos facilitados se procesar\u00e1n sobre la base del art\u00edculo 6, apartado 1, letra b del RGPD en relaci\u00f3n con el art\u00edculo 26.              1 BDSG para los fines de la ejecuci\u00f3n de la relaci\u00f3n laboral.<\/span><\/p>\n<\/div>\n<\/div>\n<\/div>\n<\/div>\n<\/div>\n<\/div>\n<\/div>\n<\/section>\n<section class=\"elementor-section elementor-top-section elementor-element elementor-element-3830039 elementor-section-boxed elementor-section-height-default elementor-section-height-default\" data-id=\"3830039\" data-element_type=\"section\">\n<div class=\"elementor-container elementor-column-gap-default\">\n<div class=\"elementor-row\">\n<div class=\"elementor-column elementor-col-100 elementor-top-column elementor-element elementor-element-9e72324\" data-id=\"9e72324\" data-element_type=\"column\">\n<div class=\"elementor-column-wrap elementor-element-populated\">\n<div class=\"elementor-widget-wrap\">\n<div class=\"elementor-element elementor-element-849f904 elementor-widget elementor-widget-heading\" data-id=\"849f904\" data-element_type=\"widget\" data-widget_type=\"heading.default\">\n<div class=\"elementor-widget-container\">\n<p><span class=\"font-555555 font-151610\"><strong>9) Derechos del interesado<br \/>\n<\/strong>Tiene derecho a: \u2022 de conformidad con el art\u00edculo 15 del RGPD, solicitar informaci\u00f3n sobre sus datos personales tratados por nosotros. En particular, puede solicitar informaci\u00f3n sobre los fines del tratamiento, la categor\u00eda de los datos personales, las categor\u00edas de destinatarios a los que se han comunicado o se comunicar\u00e1n sus datos, la duraci\u00f3n prevista del almacenamiento, la existencia de un derecho de rectificaci\u00f3n, supresi\u00f3n, limitaci\u00f3n del tratamiento u oposici\u00f3n, la existencia de un derecho de reclamaci\u00f3n, el origen de sus datos, siempre que no hayan sido recogidos por nosotros, as\u00ed como la existencia de una toma de decisiones automatizada, incluida la elaboraci\u00f3n de perfiles y, en su caso, informaci\u00f3n significativa sobre sus detalles; \u2022 de conformidad con el art\u00edculo 16 del RGPD, solicitar la rectificaci\u00f3n inmediata de los datos personales incorrectos o incompletos almacenados por nosotros; \u2022 de conformidad con el art\u00edculo 17 del RGPD, solicitar la supresi\u00f3n de sus datos personales almacenados por nosotros, siempre que el tratamiento no sea necesario para el ejercicio del derecho a la libertad de expresi\u00f3n e informaci\u00f3n, para el cumplimiento de una obligaci\u00f3n legal, por razones de inter\u00e9s p\u00fablico o para la formulaci\u00f3n, el ejercicio o la defensa de reclamaciones; \u2022 de conformidad con el art\u00edculo 18 del RGPD, solicitar la limitaci\u00f3n del tratamiento de sus datos personales, siempre que usted impugne la exactitud de los datos, el tratamiento sea il\u00edcito, pero usted se oponga a su supresi\u00f3n y nosotros ya no necesitemos los datos, pero usted los necesite para la formulaci\u00f3n, el ejercicio o la defensa de reclamaciones o usted se haya opuesto al tratamiento de conformidad con el art\u00edculo 21 del RGPD; \u2022 de conformidad con el art\u00edculo 20 del RGPD, recibir los datos personales que nos haya facilitado en un formato estructurado, de uso com\u00fan y lectura mec\u00e1nica o solicitar su transmisi\u00f3n a otro responsable; \u2022 de conformidad con el art\u00edculo 7, apartado 3 del RGPD, revocar en cualquier momento el consentimiento que nos haya dado. Esto tiene como consecuencia que ya no podamos continuar en el futuro con el tratamiento de datos que se basaba en este consentimiento y \u2022 de conformidad con el art\u00edculo 77 del RGPD, presentar una reclamaci\u00f3n ante una autoridad de control. Por lo general, puede dirigirse a la autoridad de control de su lugar de residencia o de trabajo habitual o de nuestra agencia.    <\/span><\/p>\n<\/div>\n<\/div>\n<div class=\"elementor-element elementor-element-ef9d33e elementor-widget elementor-widget-text-editor\" data-id=\"ef9d33e\" data-element_type=\"widget\" data-widget_type=\"text-editor.default\">\n<div class=\"elementor-widget-container\">\n<div class=\"elementor-text-editor elementor-clearfix\">\n<p><span class=\"font-555555 font-151610\"><b>10) Derecho de oposici\u00f3n<br \/>\n<\/b>Siempre que sus datos personales se traten sobre la base de intereses leg\u00edtimos de acuerdo con el Art. 6, p\u00e1rrafo 1, frase 1, letra f del RGPD, tiene derecho, de acuerdo con el Art. 21 del RGPD, a oponerse al tratamiento de sus datos personales, siempre que existan razones para ello que se deriven de su situaci\u00f3n particular o que la oposici\u00f3n se dirija a la publicidad directa. En este \u00faltimo caso, tiene un derecho de oposici\u00f3n general que aplicaremos sin que sea necesario que indique una situaci\u00f3n particular. Si desea hacer uso de su derecho de revocaci\u00f3n u oposici\u00f3n, basta con enviar un correo electr\u00f3nico a: info@zweirad-union.com   <\/span><\/p>\n<\/div>\n<\/div>\n<\/div>\n<\/div>\n<\/div>\n<\/div>\n<\/div>\n<\/div>\n<\/section>\n<section class=\"elementor-section elementor-top-section elementor-element elementor-element-1d8fbfd elementor-section-boxed elementor-section-height-default elementor-section-height-default\" data-id=\"1d8fbfd\" data-element_type=\"section\">\n<div class=\"elementor-container elementor-column-gap-default\">\n<div class=\"elementor-row\">\n<div class=\"elementor-column elementor-col-100 elementor-top-column elementor-element elementor-element-7a12b23\" data-id=\"7a12b23\" data-element_type=\"column\">\n<div class=\"elementor-column-wrap elementor-element-populated\">\n<div class=\"elementor-widget-wrap\">\n<div class=\"elementor-element elementor-element-38c89eb elementor-widget elementor-widget-heading\" data-id=\"38c89eb\" data-element_type=\"widget\" data-widget_type=\"heading.default\">\n<div class=\"elementor-widget-container\">\n<p class=\"elementor-heading-title elementor-size-default\"><span class=\"font-555555 font-151610\"><strong>11) Duraci\u00f3n del almacenamiento de datos personales<br \/>\n<\/strong>La duraci\u00f3n del almacenamiento de datos personales se determina en funci\u00f3n de la base legal respectiva, la finalidad del tratamiento y, en su caso, adem\u00e1s en funci\u00f3n del plazo de conservaci\u00f3n legal respectivo (por ejemplo, los plazos de conservaci\u00f3n del derecho mercantil y fiscal).<\/span><\/p>\n<\/div>\n<\/div>\n<div class=\"elementor-element elementor-element-dceabd3 elementor-widget elementor-widget-text-editor\" data-id=\"dceabd3\" data-element_type=\"widget\" data-widget_type=\"text-editor.default\">\n<div class=\"elementor-widget-container\">\n<div class=\"elementor-text-editor elementor-clearfix\">\n<p><span class=\"font-555555 font-151610\">En el tratamiento de datos personales sobre la base de un consentimiento expreso de acuerdo con el Art. 6, p\u00e1rrafo 1, letra a del RGPD, estos datos se almacenar\u00e1n hasta que el interesado revoque su consentimiento. Si existen plazos de conservaci\u00f3n legales para los datos que se encuentran en el marco de obligaciones jur\u00eddicas o similares a actos jur\u00eddicos sobre la base del Art. 6, p\u00e1rrafo 1, letra    b del RGPD, estos datos se borrar\u00e1n de forma rutinaria una vez transcurridos los plazos de conservaci\u00f3n, siempre que ya no sean necesarios para el cumplimiento del contrato o la preparaci\u00f3n del contrato y\/o no exista por nuestra parte un inter\u00e9s leg\u00edtimo en seguir almacen\u00e1ndolos.<\/span><\/p>\n<p><span class=\"font-555555 font-151610\">En el tratamiento de datos personales sobre la base del Art. 6, apartado 1 letra f del RGPD, estos datos se almacenar\u00e1n hasta que el interesado ejerza su derecho de oposici\u00f3n de acuerdo con el Art. 21, p\u00e1rrafo 1 del RGPD, a menos que podamos demostrar motivos leg\u00edtimos imperiosos para el tratamiento que prevalezcan sobre los intereses, derechos y libertades del interesado, o que el tratamiento sirva para la formulaci\u00f3n, el ejercicio o la defensa de reclamaciones legales. En el tratamiento de datos personales con fines de publicidad directa sobre la base del Art. 6, apartado 1 letra f del RGPD, estos datos se almacenar\u00e1n hasta que el interesado ejerza su derecho de oposici\u00f3n de acuerdo con el Art. 21, p\u00e1rrafo 2 del RGPD. A menos que se desprenda algo diferente de la dem\u00e1s informaci\u00f3n de esta declaraci\u00f3n sobre situaciones de tratamiento espec\u00edficas, los datos personales almacenados se borrar\u00e1n, por lo dem\u00e1s, cuando ya no sean necesarios para los fines para los que fueron recogidos o tratados de otro modo.<\/span><\/p>\n<\/div>\n<p><span class=\"font-555555 font-151610\"><strong>12) Seguridad de los datos<\/strong>Por lo dem\u00e1s, utilizamos medidas de seguridad t\u00e9cnicas y organizativas adecuadas para proteger sus datos contra manipulaciones accidentales o intencionadas, la p\u00e9rdida parcial o total, la destrucci\u00f3n o contra el acceso no autorizado de terceros. Nuestras medidas de seguridad se mejoran continuamente de acuerdo con el desarrollo tecnol\u00f3gico.<\/span><\/p>\n<p><span class=\"font-555555 font-151610\"><strong>13) Actualidad y modificaci\u00f3n de esta declaraci\u00f3n de protecci\u00f3n de datos<\/strong>Esta declaraci\u00f3n de protecci\u00f3n de datos es actualmente v\u00e1lida y tiene fecha de mayo de 2020. Debido al desarrollo de nuestro sitio web y de las ofertas que se ofrecen a trav\u00e9s de \u00e9l o debido a los requisitos legales o reglamentarios modificados, puede ser necesario modificar esta declaraci\u00f3n de protecci\u00f3n de datos. Puede consultar e imprimir la declaraci\u00f3n de protecci\u00f3n de datos actual en cualquier momento en el sitio web https:\/\/www.steppenwolf-bikes.com\/impressum-datenschutz.<\/span><\/p>\n<\/div>\n<\/div>\n<\/div>\n<\/div>\n<\/div>\n<\/div>\n<\/div>\n<\/section>\n<p>[\/vc_column_text][\/vc_column][\/vc_row]<\/p>\n<\/div>","protected":false},"excerpt":{"rendered":"<p>[vc_row unlock_row=\u00bb\u00bb row_height_percent=\u00bb0&#8243; override_padding=\u00bbyes\u00bb h_padding=\u00bb2&#8243; top_padding=\u00bb2&#8243; bottom_padding=\u00bb2&#8243; overlay_alpha=\u00bb50&#8243; gutter_size=\u00bb3&#8243; column_width_percent=\u00bb100&#8243; shift_y=\u00bb0&#8243; z_index=\u00bb0&#8243; uncode_shortcode_id=\u00bb565054&#8243;][vc_column column_width_percent=\u00bb100&#8243; gutter_size=\u00bb3&#8243; override_padding=\u00bbyes\u00bb column_padding=\u00bb2&#8243; overlay_alpha=\u00bb50&#8243; shift_x=\u00bb0&#8243; shift_y=\u00bb0&#8243; [&hellip;]<\/p>\n","protected":false},"author":1,"featured_media":0,"parent":0,"menu_order":0,"comment_status":"closed","ping_status":"open","template":"","meta":{"footnotes":""},"class_list":["post-3395","page","type-page","status-publish","hentry"],"yoast_head":"<!-- This site is optimized with the Yoast SEO plugin v27.5 - https:\/\/yoast.com\/product\/yoast-seo-wordpress\/ -->\n<title>Declaraci\u00f3n de privacidad - Steppenwolf Bikes<\/title>\n<meta name=\"robots\" content=\"index, follow, max-snippet:-1, max-image-preview:large, max-video-preview:-1\" \/>\n<link rel=\"canonical\" href=\"https:\/\/www.steppenwolf-bicycles.com\/es\/declaracion-de-privacidad\/\" \/>\n<meta property=\"og:locale\" content=\"es_ES\" \/>\n<meta property=\"og:type\" content=\"article\" \/>\n<meta property=\"og:title\" content=\"Declaraci\u00f3n de privacidad - Steppenwolf Bikes\" \/>\n<meta property=\"og:description\" content=\"[vc_row unlock_row=\u00bb\u00bb row_height_percent=\u00bb0&#8243; override_padding=\u00bbyes\u00bb h_padding=\u00bb2&#8243; top_padding=\u00bb2&#8243; bottom_padding=\u00bb2&#8243; overlay_alpha=\u00bb50&#8243; gutter_size=\u00bb3&#8243; column_width_percent=\u00bb100&#8243; shift_y=\u00bb0&#8243; z_index=\u00bb0&#8243; uncode_shortcode_id=\u00bb565054&#8243;][vc_column column_width_percent=\u00bb100&#8243; gutter_size=\u00bb3&#8243; override_padding=\u00bbyes\u00bb column_padding=\u00bb2&#8243; overlay_alpha=\u00bb50&#8243; shift_x=\u00bb0&#8243; shift_y=\u00bb0&#8243; [&hellip;]\" \/>\n<meta property=\"og:url\" content=\"https:\/\/www.steppenwolf-bicycles.com\/es\/declaracion-de-privacidad\/\" \/>\n<meta property=\"og:site_name\" content=\"Steppenwolf Bikes\" \/>\n<meta property=\"article:publisher\" content=\"https:\/\/www.facebook.com\/Steppenwolf.Stw\" \/>\n<meta property=\"article:modified_time\" content=\"2026-01-20T03:59:02+00:00\" \/>\n<meta name=\"twitter:card\" content=\"summary_large_image\" \/>\n<meta name=\"twitter:label1\" content=\"Tiempo de lectura\" \/>\n\t<meta name=\"twitter:data1\" content=\"35 minutos\" \/>\n<script type=\"application\/ld+json\" class=\"yoast-schema-graph\">{\"@context\":\"https:\\\/\\\/schema.org\",\"@graph\":[{\"@type\":\"WebPage\",\"@id\":\"https:\\\/\\\/www.steppenwolf-bicycles.com\\\/es\\\/declaracion-de-privacidad\\\/\",\"url\":\"https:\\\/\\\/www.steppenwolf-bicycles.com\\\/es\\\/declaracion-de-privacidad\\\/\",\"name\":\"Declaraci\u00f3n de privacidad - Steppenwolf Bikes\",\"isPartOf\":{\"@id\":\"https:\\\/\\\/www.steppenwolf-bicycles.com\\\/es\\\/#website\"},\"datePublished\":\"2024-05-22T10:07:35+00:00\",\"dateModified\":\"2026-01-20T03:59:02+00:00\",\"breadcrumb\":{\"@id\":\"https:\\\/\\\/www.steppenwolf-bicycles.com\\\/es\\\/declaracion-de-privacidad\\\/#breadcrumb\"},\"inLanguage\":\"es\",\"potentialAction\":[{\"@type\":\"ReadAction\",\"target\":[\"https:\\\/\\\/www.steppenwolf-bicycles.com\\\/es\\\/declaracion-de-privacidad\\\/\"]}]},{\"@type\":\"BreadcrumbList\",\"@id\":\"https:\\\/\\\/www.steppenwolf-bicycles.com\\\/es\\\/declaracion-de-privacidad\\\/#breadcrumb\",\"itemListElement\":[{\"@type\":\"ListItem\",\"position\":1,\"name\":\"Startseite\",\"item\":\"https:\\\/\\\/www.steppenwolf-bicycles.com\\\/es\\\/\"},{\"@type\":\"ListItem\",\"position\":2,\"name\":\"Declaraci\u00f3n de privacidad\"}]},{\"@type\":\"WebSite\",\"@id\":\"https:\\\/\\\/www.steppenwolf-bicycles.com\\\/es\\\/#website\",\"url\":\"https:\\\/\\\/www.steppenwolf-bicycles.com\\\/es\\\/\",\"name\":\"Steppenwolf Bikes\",\"description\":\"Premium E-Bikes Made in Germany\",\"publisher\":{\"@id\":\"https:\\\/\\\/www.steppenwolf-bicycles.com\\\/es\\\/#organization\"},\"potentialAction\":[{\"@type\":\"SearchAction\",\"target\":{\"@type\":\"EntryPoint\",\"urlTemplate\":\"https:\\\/\\\/www.steppenwolf-bicycles.com\\\/es\\\/?s={search_term_string}\"},\"query-input\":{\"@type\":\"PropertyValueSpecification\",\"valueRequired\":true,\"valueName\":\"search_term_string\"}}],\"inLanguage\":\"es\"},{\"@type\":\"Organization\",\"@id\":\"https:\\\/\\\/www.steppenwolf-bicycles.com\\\/es\\\/#organization\",\"name\":\"Steppenwolf Bikes\",\"url\":\"https:\\\/\\\/www.steppenwolf-bicycles.com\\\/es\\\/\",\"logo\":{\"@type\":\"ImageObject\",\"inLanguage\":\"es\",\"@id\":\"https:\\\/\\\/www.steppenwolf-bicycles.com\\\/es\\\/#\\\/schema\\\/logo\\\/image\\\/\",\"url\":\"https:\\\/\\\/www.steppenwolf-bicycles.com\\\/wp-content\\\/uploads\\\/2024\\\/05\\\/Logo-nur-Berg-S-auf-w.png\",\"contentUrl\":\"https:\\\/\\\/www.steppenwolf-bicycles.com\\\/wp-content\\\/uploads\\\/2024\\\/05\\\/Logo-nur-Berg-S-auf-w.png\",\"width\":1000,\"height\":1000,\"caption\":\"Steppenwolf Bikes\"},\"image\":{\"@id\":\"https:\\\/\\\/www.steppenwolf-bicycles.com\\\/es\\\/#\\\/schema\\\/logo\\\/image\\\/\"},\"sameAs\":[\"https:\\\/\\\/www.facebook.com\\\/Steppenwolf.Stw\",\"https:\\\/\\\/www.instagram.com\\\/steppenwolfbikes\\\/\"]}]}<\/script>\n<!-- \/ Yoast SEO plugin. -->","yoast_head_json":{"title":"Declaraci\u00f3n de privacidad - Steppenwolf Bikes","robots":{"index":"index","follow":"follow","max-snippet":"max-snippet:-1","max-image-preview":"max-image-preview:large","max-video-preview":"max-video-preview:-1"},"canonical":"https:\/\/www.steppenwolf-bicycles.com\/es\/declaracion-de-privacidad\/","og_locale":"es_ES","og_type":"article","og_title":"Declaraci\u00f3n de privacidad - Steppenwolf Bikes","og_description":"[vc_row unlock_row=\u00bb\u00bb row_height_percent=\u00bb0&#8243; override_padding=\u00bbyes\u00bb h_padding=\u00bb2&#8243; top_padding=\u00bb2&#8243; bottom_padding=\u00bb2&#8243; overlay_alpha=\u00bb50&#8243; gutter_size=\u00bb3&#8243; column_width_percent=\u00bb100&#8243; shift_y=\u00bb0&#8243; z_index=\u00bb0&#8243; uncode_shortcode_id=\u00bb565054&#8243;][vc_column column_width_percent=\u00bb100&#8243; gutter_size=\u00bb3&#8243; override_padding=\u00bbyes\u00bb column_padding=\u00bb2&#8243; overlay_alpha=\u00bb50&#8243; shift_x=\u00bb0&#8243; shift_y=\u00bb0&#8243; [&hellip;]","og_url":"https:\/\/www.steppenwolf-bicycles.com\/es\/declaracion-de-privacidad\/","og_site_name":"Steppenwolf Bikes","article_publisher":"https:\/\/www.facebook.com\/Steppenwolf.Stw","article_modified_time":"2026-01-20T03:59:02+00:00","twitter_card":"summary_large_image","twitter_misc":{"Tiempo de lectura":"35 minutos"},"schema":{"@context":"https:\/\/schema.org","@graph":[{"@type":"WebPage","@id":"https:\/\/www.steppenwolf-bicycles.com\/es\/declaracion-de-privacidad\/","url":"https:\/\/www.steppenwolf-bicycles.com\/es\/declaracion-de-privacidad\/","name":"Declaraci\u00f3n de privacidad - Steppenwolf Bikes","isPartOf":{"@id":"https:\/\/www.steppenwolf-bicycles.com\/es\/#website"},"datePublished":"2024-05-22T10:07:35+00:00","dateModified":"2026-01-20T03:59:02+00:00","breadcrumb":{"@id":"https:\/\/www.steppenwolf-bicycles.com\/es\/declaracion-de-privacidad\/#breadcrumb"},"inLanguage":"es","potentialAction":[{"@type":"ReadAction","target":["https:\/\/www.steppenwolf-bicycles.com\/es\/declaracion-de-privacidad\/"]}]},{"@type":"BreadcrumbList","@id":"https:\/\/www.steppenwolf-bicycles.com\/es\/declaracion-de-privacidad\/#breadcrumb","itemListElement":[{"@type":"ListItem","position":1,"name":"Startseite","item":"https:\/\/www.steppenwolf-bicycles.com\/es\/"},{"@type":"ListItem","position":2,"name":"Declaraci\u00f3n de privacidad"}]},{"@type":"WebSite","@id":"https:\/\/www.steppenwolf-bicycles.com\/es\/#website","url":"https:\/\/www.steppenwolf-bicycles.com\/es\/","name":"Steppenwolf Bikes","description":"Premium E-Bikes Made in Germany","publisher":{"@id":"https:\/\/www.steppenwolf-bicycles.com\/es\/#organization"},"potentialAction":[{"@type":"SearchAction","target":{"@type":"EntryPoint","urlTemplate":"https:\/\/www.steppenwolf-bicycles.com\/es\/?s={search_term_string}"},"query-input":{"@type":"PropertyValueSpecification","valueRequired":true,"valueName":"search_term_string"}}],"inLanguage":"es"},{"@type":"Organization","@id":"https:\/\/www.steppenwolf-bicycles.com\/es\/#organization","name":"Steppenwolf Bikes","url":"https:\/\/www.steppenwolf-bicycles.com\/es\/","logo":{"@type":"ImageObject","inLanguage":"es","@id":"https:\/\/www.steppenwolf-bicycles.com\/es\/#\/schema\/logo\/image\/","url":"https:\/\/www.steppenwolf-bicycles.com\/wp-content\/uploads\/2024\/05\/Logo-nur-Berg-S-auf-w.png","contentUrl":"https:\/\/www.steppenwolf-bicycles.com\/wp-content\/uploads\/2024\/05\/Logo-nur-Berg-S-auf-w.png","width":1000,"height":1000,"caption":"Steppenwolf Bikes"},"image":{"@id":"https:\/\/www.steppenwolf-bicycles.com\/es\/#\/schema\/logo\/image\/"},"sameAs":["https:\/\/www.facebook.com\/Steppenwolf.Stw","https:\/\/www.instagram.com\/steppenwolfbikes\/"]}]}},"_links":{"self":[{"href":"https:\/\/www.steppenwolf-bicycles.com\/es\/wp-json\/wp\/v2\/pages\/3395","targetHints":{"allow":["GET"]}}],"collection":[{"href":"https:\/\/www.steppenwolf-bicycles.com\/es\/wp-json\/wp\/v2\/pages"}],"about":[{"href":"https:\/\/www.steppenwolf-bicycles.com\/es\/wp-json\/wp\/v2\/types\/page"}],"author":[{"embeddable":true,"href":"https:\/\/www.steppenwolf-bicycles.com\/es\/wp-json\/wp\/v2\/users\/1"}],"replies":[{"embeddable":true,"href":"https:\/\/www.steppenwolf-bicycles.com\/es\/wp-json\/wp\/v2\/comments?post=3395"}],"version-history":[{"count":5,"href":"https:\/\/www.steppenwolf-bicycles.com\/es\/wp-json\/wp\/v2\/pages\/3395\/revisions"}],"predecessor-version":[{"id":3434,"href":"https:\/\/www.steppenwolf-bicycles.com\/es\/wp-json\/wp\/v2\/pages\/3395\/revisions\/3434"}],"wp:attachment":[{"href":"https:\/\/www.steppenwolf-bicycles.com\/es\/wp-json\/wp\/v2\/media?parent=3395"}],"curies":[{"name":"wp","href":"https:\/\/api.w.org\/{rel}","templated":true}]}}